{"id":2,"date":"2017-02-11T23:06:17","date_gmt":"2017-02-11T22:06:17","guid":{"rendered":"http:\/\/wp.svfuchstal.de\/fussball\/?page_id=2"},"modified":"2025-10-01T08:50:13","modified_gmt":"2025-10-01T06:50:13","slug":"beispiel-seite","status":"publish","type":"page","link":"https:\/\/www.svfuchstal.de\/fussball\/","title":{"rendered":"START"},"content":{"rendered":"<p>[et_pb_section fb_built=&#8220;1&#8243; specialty=&#8220;on&#8220; _builder_version=&#8220;4.16&#8243; custom_margin=&#8220;|||&#8220; custom_padding=&#8220;|||&#8220; global_colors_info=&#8220;{}&#8220;][et_pb_column type=&#8220;3_4&#8243; specialty_columns=&#8220;3&#8243; _builder_version=&#8220;4.16&#8243; custom_padding=&#8220;|||&#8220; global_colors_info=&#8220;{}&#8220; custom_padding__hover=&#8220;|||&#8220;][et_pb_row_inner _builder_version=&#8220;4.16&#8243; custom_margin=&#8220;|||&#8220; custom_padding=&#8220;|15px||&#8220; global_colors_info=&#8220;{}&#8220;][et_pb_column_inner saved_specialty_column_type=&#8220;3_4&#8243; _builder_version=&#8220;4.16&#8243; custom_padding=&#8220;|||&#8220; global_colors_info=&#8220;{}&#8220; custom_padding__hover=&#8220;|||&#8220;][et_pb_text admin_label=&#8220;Aktuelles \u00dcberschrift&#8220; _builder_version=&#8220;4.19.4&#8243; module_alignment=&#8220;left&#8220; border_style=&#8220;solid&#8220; global_colors_info=&#8220;{}&#8220;]<\/p>\n<h1>Aktuelles<\/h1>\n<p>[\/et_pb_text][et_pb_text disabled_on=&#8220;on|on|on&#8220; admin_label=&#8220;Einladung zur Abteilungsversammlung&#8220; _builder_version=&#8220;4.19.5&#8243; module_alignment=&#8220;left&#8220; display_conditions=&#8220;W3siaWQiOiJmMWZlMmYzMy1iY2FjLTQ2ZTQtYjRjOS1mYjU2ZGNkOTMzOTUiLCJjb25kaXRpb24iOiJkYXRlVGltZSIsImNvbmRpdGlvblNldHRpbmdzIjp7ImRpc3BsYXlSdWxlIjoiaXNCZWZvcmUiLCJkYXRlIjoiMjAyMy0wMi0wNCIsInRpbWUiOiIwMDowMCIsIndlZWtkYXlzIjoifCIsImFsbERheSI6Im9uIiwiZnJvbVRpbWUiOiIwMDowMCIsInVudGlsVGltZSI6IjAwOjAwIiwicmVwZWF0Ijoib2ZmIiwicmVwZWF0RnJlcXVlbmN5IjoibW9udGhseSIsInJlcGVhdEZyZXF1ZW5jeVNwZWNpZmljRGF5cyI6IndlZWtseSIsInJlcGVhdEVuZCI6Im5ldmVyIiwicmVwZWF0VW50aWxEYXRlIjoiMjAyMy0xLTIzIiwicmVwZWF0VGltZXMiOiIzIiwiYWRtaW5MYWJlbCI6IlRlcm1pbnplaXQiLCJlbmFibGVDb25kaXRpb24iOiJvbiJ9LCJvcGVyYXRvciI6Ik9SIn1d&#8220; border_style=&#8220;solid&#8220; disabled=&#8220;on&#8220; global_colors_info=&#8220;{}&#8220;]<\/p>\n<h2>Einladung zur Abteilungsversammlung<\/h2>\n<table style=\"border-collapse: collapse; width: 100%;\">\n<tbody>\n<tr>\n<td style=\"width: 59.6791%; vertical-align: top;\"><span style=\"font-size: 12pt;\">Liebe Sportkameradinnen und Sportkameraden,<\/span><\/p>\n<p><span style=\"font-size: 12pt;\">zur diesj\u00e4hrigen Fu\u00dfballabteilungsversammlung<\/span><\/p>\n<p><strong style=\"font-family: inherit; font-size: inherit;\"><span style=\"font-size: 12pt;\"><u>am Freitag, den 03. Februar 2023, um 20:00 Uhr<\/u><\/span><\/strong><\/p>\n<p><u> <\/u>\u00a0<span style=\"font-size: 12pt; font-family: inherit;\">in unser Sportheim, laden wir Euch herzlich ein.<\/span><\/p>\n<p>&nbsp;<\/p>\n<p style=\"padding-bottom: 1em;\"><span style=\"font-size: 12pt;\"><a href=\"https:\/\/www.svfuchstal.de\/fussball\/wp-content\/uploads\/sites\/2\/2023\/01\/Aushang_Abteilungsversammlung_03_02_2023.pdf\" target=\"_blank\" rel=\"noopener\">&#8211;&gt; Weitere Informationen\u00a0<\/a><\/span><\/p>\n<\/td>\n<td style=\"width: 40.3209%; vertical-align: top;\"><a href=\"https:\/\/www.svfuchstal.de\/fussball\/wp-content\/uploads\/sites\/2\/2023\/01\/Aushang_Abteilungsversammlung_03_02_2023.pdf\" target=\"_blank\" rel=\"noopener\"><img loading=\"lazy\" decoding=\"async\" class=\"wp-image-3296 alignright\" src=\"https:\/\/www.svfuchstal.de\/fussball\/wp-content\/uploads\/sites\/2\/2023\/01\/Einladung_JHV_SVF_Fussball_2023.jpg\" alt=\"\" width=\"282\" height=\"418\" \/><\/a><\/td>\n<\/tr>\n<\/tbody>\n<\/table>\n<p>[\/et_pb_text][et_pb_code admin_label=&#8220;\u00dcberschrift Code-Spiele&#8220; _builder_version=&#8220;4.16&#8243; global_colors_info=&#8220;{}&#8220;]<\/p>\n<h2>Spiele und Ergebnisse aller Mannschaften<\/h2>\n<p><!-- [et_pb_line_break_holder] --><!-- [et_pb_line_break_holder] --><!-- [et_pb_line_break_holder] --><!-- [et_pb_line_break_holder] --><!-- [et_pb_line_break_holder] -->[\/et_pb_code][et_pb_code raw_content_last_edited=&#8220;off|desktop&#8220; disabled_on=&#8220;off|off|off&#8220; _builder_version=&#8220;4.27.0&#8243; locked=&#8220;off&#8220; global_colors_info=&#8220;{}&#8220; raw_content__hover_enabled=&#8220;off|desktop&#8220;]<\/p>\n<div id=\"bfv1487932693717\">Laden&#8230;<\/div>\n<p><!-- [et_pb_line_break_holder] --><!-- [et_pb_line_break_holder] --><script><!-- [et_pb_line_break_holder] -->BFVWidget.HTML5.zeigeVereinSpiele(\"00ES8GNHI400000BVV0AG08LVUPGND5I\", \"bfv1487932693717\", { height: 550, width: \"100%\", selectedTab: BFVWidget.HTML5.vereinTabs.spiele, colorResults: \"undefined\" , colorNav: \"undefined\" , colorClubName : \"undefined\" , backgroundNav: \"undefined\"});<!-- [et_pb_line_break_holder] --><\/script><!-- [et_pb_line_break_holder] --><!-- [et_pb_line_break_holder] --><!-- [et_pb_line_break_holder] --><!-- [et_pb_line_break_holder] --><!-- https:\/\/wordpress.stackexchange.com\/questions\/388930\/javascript-embedded-disappears-for-editors --><!-- [et_pb_line_break_holder] --><!-- [et_pb_line_break_holder] --><!-- <!-- [et_pb_line_break_holder] --> WordPress Multisite disallows the unfiltered_html capability for non-super-admin (ie, any users who are not capable of performing network administration). Anyone without the unfiltered_html capability will not be able to save post content with disallowed HTML tags, including tags.<!-- [et_pb_line_break_holder] --><!-- [et_pb_line_break_holder] -->A quick search shows that there have been attempts at modifying this behaviour, but they may have been invalidated by subsequent updates to WordPress core.<!-- [et_pb_line_break_holder] --><!-- [et_pb_line_break_holder] -->See this answer for a possible solution (though it may not work anymore.)<!-- [et_pb_line_break_holder] -->&#8211;><!-- [et_pb_line_break_holder] --><!-- [et_pb_line_break_holder] --><!-- [et_pb_line_break_holder] --><!-- [et_pb_line_break_holder] --><!-- [et_pb_line_break_holder] --><!-- [et_pb_line_break_holder] --><!-- [et_pb_line_break_holder] --><!-- [et_pb_line_break_holder] --><!-- [et_pb_line_break_holder] --><!-- [et_pb_line_break_holder] -->[\/et_pb_code][et_pb_text disabled_on=&#8220;on|on|on&#8220; admin_label=&#8220;SPORTBASAR&#8220; _builder_version=&#8220;4.23.4&#8243; disabled=&#8220;on&#8220; global_colors_info=&#8220;{}&#8220;]<\/p>\n<h2>SPORTBASAR<\/h2>\n<p><strong><span style=\"font-size: 14pt;\">Die Anmeldung findet ihr <a href=\"http:\/\/linktr.ee\/sv_fuchstal\">hier<\/a>.<\/span><\/strong><br \/>\n[\/et_pb_text][et_pb_image src=&#8220;https:\/\/www.svfuchstal.de\/fussball\/wp-content\/uploads\/sites\/2\/2024\/01\/1.png&#8220; title_text=&#8220;1&#8243; url=&#8220;\/fussball\/abteilung\/#flutlicht&#8220; align_tablet=&#8220;center&#8220; align_phone=&#8220;&#8220; align_last_edited=&#8220;on|desktop&#8220; disabled_on=&#8220;on|on|on&#8220; admin_label=&#8220;SPORTBASAR Bild 1&#8243; _builder_version=&#8220;4.23.4&#8243; animation_style=&#8220;slide&#8220; box_shadow_style=&#8220;preset1&#8243; disabled=&#8220;on&#8220; locked=&#8220;off&#8220; global_colors_info=&#8220;{}&#8220;][\/et_pb_image][et_pb_image src=&#8220;https:\/\/www.svfuchstal.de\/fussball\/wp-content\/uploads\/sites\/2\/2024\/01\/2.png&#8220; title_text=&#8220;2&#8243; url=&#8220;\/fussball\/abteilung\/#flutlicht&#8220; align_tablet=&#8220;center&#8220; align_phone=&#8220;&#8220; align_last_edited=&#8220;on|desktop&#8220; disabled_on=&#8220;on|on|on&#8220; admin_label=&#8220;SPORTBASAR Bild 2&#8243; _builder_version=&#8220;4.23.4&#8243; animation_style=&#8220;slide&#8220; box_shadow_style=&#8220;preset1&#8243; disabled=&#8220;on&#8220; locked=&#8220;off&#8220; global_colors_info=&#8220;{}&#8220;][\/et_pb_image][et_pb_text disabled_on=&#8220;on|on|on&#8220; admin_label=&#8220;Erh\u00f6hung Spartenbeitr\u00e4ge&#8220; _builder_version=&#8220;4.27.4&#8243; disabled=&#8220;on&#8220; locked=&#8220;off&#8220; global_colors_info=&#8220;{}&#8220;]<\/p>\n<h2>Erh\u00f6hung der Spartenbeitr\u00e4ge<\/h2>\n<p>&nbsp;<\/p>\n<p>Liebe Vereinsmitgliederinnen und Mitglieder,<\/p>\n<p>auf unserer Jahreshauptversammlung der Abteilung Fu\u00dfball am 08.03.2024 wurde \u00fcber<br \/>die Erh\u00f6hung der Spartenbeitr\u00e4ge abgestimmt.<\/p>\n<p><strong>Gem\u00e4\u00df Abstimmung werden die Spartenbeitr\u00e4ge jeweils z<\/strong><strong>ur H\u00e4lfte im April und<\/strong><br \/><strong>Oktober eingezogen.<\/strong><\/p>\n<p>Die aktuellen Beitr\u00e4ge sind auf der Homepage einsehbar <a href=\"https:\/\/www.svfuchstal.de\/fussball\/abteilung\/#mitglied\">(aktuelle Beitr\u00e4ge)<\/a>.<\/p>\n<p>Mit Freundlichen Gr\u00fc\u00dfen,<br \/>Die Abteilungsleitung<\/p>\n<p>&nbsp;<\/p>\n<p>&nbsp;<\/p>\n<p>[\/et_pb_text][et_pb_text disabled_on=&#8220;on|on|on&#8220; admin_label=&#8220;Klimaschutz beim SV Fuchstal&#8220; _builder_version=&#8220;4.27.4&#8243; disabled=&#8220;on&#8220; locked=&#8220;off&#8220; global_colors_info=&#8220;{}&#8220;]<\/p>\n<h2>Klimaschutz beim SV Fuchstal<\/h2>\n<p><strong><span style=\"font-size: 12pt;\">Flutlichtanlage in LED-Technik<\/span><\/strong><\/p>\n<p>[\/et_pb_text][et_pb_image src=&#8220;https:\/\/www.svfuchstal.de\/fussball\/wp-content\/uploads\/sites\/2\/2020\/02\/Klimaschutz_led.jpg&#8220; url=&#8220;\/fussball\/abteilung\/#flutlicht&#8220; align_tablet=&#8220;center&#8220; align_phone=&#8220;&#8220; align_last_edited=&#8220;on|desktop&#8220; disabled_on=&#8220;on|on|on&#8220; admin_label=&#8220;Bild Klimaschutz BMU&#8220; _builder_version=&#8220;4.27.4&#8243; animation_style=&#8220;slide&#8220; box_shadow_style=&#8220;preset1&#8243; disabled=&#8220;on&#8220; global_colors_info=&#8220;{}&#8220;][\/et_pb_image][\/et_pb_column_inner][\/et_pb_row_inner][\/et_pb_column][et_pb_column type=&#8220;1_4&#8243; _builder_version=&#8220;4.16&#8243; custom_padding=&#8220;|||&#8220; global_colors_info=&#8220;{}&#8220; custom_padding__hover=&#8220;|||&#8220;][et_pb_text _builder_version=&#8220;4.16&#8243; module_alignment=&#8220;left&#8220; border_style=&#8220;solid&#8220; global_colors_info=&#8220;{}&#8220;]<\/p>\n<h3>WERBEPARTNER<\/h3>\n<p>[\/et_pb_text][et_pb_slider show_pagination=&#8220;off&#8220; admin_label=&#8220;Slider Werbepartner&#8220; _builder_version=&#8220;4.27.4&#8243; _module_preset=&#8220;default&#8220; background_color=&#8220;RGBA(255,255,255,0)&#8220; width=&#8220;100%&#8220; content_max_width=&#8220;100%&#8220; custom_margin=&#8220;0px|0px|0px|0px|false|false&#8220; custom_padding=&#8220;0px|0px|0px|0px|false|false&#8220; animation_style=&#8220;fade&#8220; animation_duration=&#8220;2000ms&#8220; animation_speed_curve=&#8220;linear&#8220; animation_repeat=&#8220;loop&#8220; auto=&#8220;on&#8220; auto_speed=&#8220;2000&#8243; border_color_all=&#8220;RGBA(255,255,255,0)&#8220; border_style_all=&#8220;none&#8220; global_colors_info=&#8220;{}&#8220;][et_pb_slide image=&#8220;https:\/\/www.svfuchstal.de\/fussball\/wp-content\/uploads\/sites\/2\/2023\/02\/fuchstal-energiezukunft-logo_400.jpg&#8220; admin_title=&#8220;Energiezukunft Fuchstal&#8220; _builder_version=&#8220;4.27.4&#8243; _module_preset=&#8220;default&#8220; global_colors_info=&#8220;{}&#8220; sticky_transition=&#8220;on&#8220;][\/et_pb_slide][et_pb_slide image=&#8220;https:\/\/www.svfuchstal.de\/fussball\/wp-content\/uploads\/sites\/2\/2017\/03\/fuchstapotheke.jpg&#8220; admin_title=&#8220;Fuchstal Apotheke&#8220; _builder_version=&#8220;4.27.4&#8243; _module_preset=&#8220;default&#8220; global_colors_info=&#8220;{}&#8220; sticky_transition=&#8220;on&#8220;][\/et_pb_slide][et_pb_slide image=&#8220;https:\/\/www.svfuchstal.de\/fussball\/wp-content\/uploads\/sites\/2\/2017\/11\/mbs_banner.jpg&#8220; admin_title=&#8220;MBS&#8220; _builder_version=&#8220;4.27.4&#8243; _module_preset=&#8220;default&#8220; global_colors_info=&#8220;{}&#8220; sticky_transition=&#8220;on&#8220;][\/et_pb_slide][et_pb_slide image=&#8220;https:\/\/www.svfuchstal.de\/fussball\/wp-content\/uploads\/sites\/2\/2017\/03\/kornes.jpg&#8220; admin_title=&#8220;Kornes&#8220; _builder_version=&#8220;4.27.4&#8243; _module_preset=&#8220;default&#8220; global_colors_info=&#8220;{}&#8220; sticky_transition=&#8220;on&#8220;][\/et_pb_slide][et_pb_slide image=&#8220;https:\/\/www.svfuchstal.de\/fussball\/wp-content\/uploads\/sites\/2\/2017\/02\/amberg-bau.jpg&#8220; admin_title=&#8220;Amberg&#8220; _builder_version=&#8220;4.27.4&#8243; _module_preset=&#8220;default&#8220; global_colors_info=&#8220;{}&#8220; sticky_transition=&#8220;on&#8220;][\/et_pb_slide][et_pb_slide image=&#8220;https:\/\/www.svfuchstal.de\/fussball\/wp-content\/uploads\/sites\/2\/2017\/03\/rb_fuchstal.jpg&#8220; admin_title=&#8220;Raiffeisenbank Fuchstal&#8220; _builder_version=&#8220;4.27.4&#8243; _module_preset=&#8220;default&#8220; global_colors_info=&#8220;{}&#8220; sticky_transition=&#8220;on&#8220;][\/et_pb_slide][et_pb_slide image=&#8220;https:\/\/www.svfuchstal.de\/fussball\/wp-content\/uploads\/sites\/2\/2017\/11\/Logo_SpkLL_rot_web.jpg&#8220; admin_title=&#8220;Sparkasse Landsberg&#8220; _builder_version=&#8220;4.27.4&#8243; _module_preset=&#8220;default&#8220; global_colors_info=&#8220;{}&#8220; sticky_transition=&#8220;on&#8220;][\/et_pb_slide][et_pb_slide image=&#8220;https:\/\/www.svfuchstal.de\/fussball\/wp-content\/uploads\/sites\/2\/2017\/02\/sponsoren.jpg&#8220; admin_title=&#8220;Hier k\u00f6nnte ihre Werbung stehen&#8220; _builder_version=&#8220;4.27.4&#8243; _module_preset=&#8220;default&#8220; global_colors_info=&#8220;{}&#8220; sticky_transition=&#8220;on&#8220;][\/et_pb_slide][et_pb_slide image=&#8220;https:\/\/www.svfuchstal.de\/fussball\/wp-content\/uploads\/sites\/2\/2017\/02\/proebstl.jpg&#8220; admin_title=&#8220;Pr\u00f6bstl&#8220; _builder_version=&#8220;4.27.4&#8243; _module_preset=&#8220;default&#8220; global_colors_info=&#8220;{}&#8220; sticky_transition=&#8220;on&#8220;][\/et_pb_slide][et_pb_slide image=&#8220;https:\/\/www.svfuchstal.de\/fussball\/wp-content\/uploads\/sites\/2\/2017\/03\/immobilien-waschkies.jpg&#8220; admin_title=&#8220;Waschkies&#8220; _builder_version=&#8220;4.27.4&#8243; _module_preset=&#8220;default&#8220; global_colors_info=&#8220;{}&#8220; sticky_transition=&#8220;on&#8220;][\/et_pb_slide][et_pb_slide image=&#8220;https:\/\/www.svfuchstal.de\/fussball\/wp-content\/uploads\/sites\/2\/2017\/08\/edeka-dallmann.jpg&#8220; admin_title=&#8220;Edeka&#8220; _builder_version=&#8220;4.27.4&#8243; _module_preset=&#8220;default&#8220; global_colors_info=&#8220;{}&#8220; sticky_transition=&#8220;on&#8220;][\/et_pb_slide][\/et_pb_slider][et_pb_text disabled_on=&#8220;on|on|on&#8220; admin_label=&#8220;Hans Dorfner Fu\u00dfballferien&#8220; _builder_version=&#8220;4.27.4&#8243; module_alignment=&#8220;left&#8220; border_style=&#8220;solid&#8220; disabled=&#8220;on&#8220; global_colors_info=&#8220;{}&#8220;]<\/p>\n<h3><strong><span style=\"font-size: 14pt;\">Hans Dorfner Fu\u00dfballferien<\/span><\/strong><br \/><span style=\"font-size: 12pt;\">Mo. 11.08.2025 \u2013 Do. 14.08.2025<\/span><\/h3>\n<p>[\/et_pb_text][et_pb_image src=&#8220;https:\/\/www.svfuchstal.de\/fussball\/wp-content\/uploads\/sites\/2\/2025\/07\/Hans-Dorfner-Fussballschule_Logo.png&#8220; title_text=&#8220;Hans-Dorfner-Fussballschule_Logo&#8220; url=&#8220;https:\/\/fussballferien.de\/camps\/fuchstal\/&#8220; admin_label=&#8220;Hans Dorfner Logo&#8220; _builder_version=&#8220;4.27.4&#8243; _module_preset=&#8220;default&#8220; hover_enabled=&#8220;0&#8243; global_colors_info=&#8220;{}&#8220; disabled_on=&#8220;on|on|on&#8220; disabled=&#8220;on&#8220; sticky_enabled=&#8220;0&#8243;][\/et_pb_image][et_pb_text _builder_version=&#8220;4.27.4&#8243; module_alignment=&#8220;left&#8220; border_style=&#8220;solid&#8220; global_colors_info=&#8220;{}&#8220;]<\/p>\n<h3>F\u00d6RDERVEREIN<\/h3>\n<p>[\/et_pb_text][et_pb_image src=&#8220;https:\/\/www.svfuchstal.de\/fussball\/wp-content\/uploads\/sites\/2\/2017\/02\/logo-sv-jpg-datei.gif&#8220; url=&#8220;http:\/\/www.svf-kids.de\/&#8220; url_new_window=&#8220;on&#8220; align_tablet=&#8220;center&#8220; align_phone=&#8220;&#8220; align_last_edited=&#8220;on|desktop&#8220; _builder_version=&#8220;4.27.4&#8243; animation_style=&#8220;slide&#8220; animation_direction=&#8220;left&#8220; animation_duration=&#8220;500ms&#8220; animation_intensity_slide=&#8220;10%&#8220; border_style=&#8220;solid&#8220; sticky=&#8220;off&#8220; global_colors_info=&#8220;{}&#8220;][\/et_pb_image][\/et_pb_column][\/et_pb_section]<\/p>\n","protected":false},"excerpt":{"rendered":"<p>Aktuelles Einladung zur Abteilungsversammlung Liebe Sportkameradinnen und Sportkameraden, zur diesj\u00e4hrigen Fu\u00dfballabteilungsversammlung am Freitag, den 03. Februar 2023, um 20:00 Uhr \u00a0in unser Sportheim, laden wir Euch herzlich ein. &nbsp; &#8211;&gt; Weitere Informationen\u00a0 SPORTBASAR Die Anmeldung findet ihr hier. Erh\u00f6hung der Spartenbeitr\u00e4ge &nbsp; Liebe Vereinsmitgliederinnen und Mitglieder, auf unserer Jahreshauptversammlung der Abteilung Fu\u00dfball am 08.03.2024 wurde [&hellip;]<\/p>\n","protected":false},"author":1,"featured_media":0,"parent":0,"menu_order":0,"comment_status":"closed","ping_status":"open","template":"","meta":{"_et_pb_use_builder":"on","_et_pb_old_content":"<p>[et_pb_section fb_built=\"1\" specialty=\"on\" _builder_version=\"3.22\" custom_margin=\"|||\" custom_padding=\"|||\" global_colors_info=\"{}\"][et_pb_column type=\"3_4\" specialty_columns=\"3\" _builder_version=\"3.25\" custom_padding=\"|||\" global_colors_info=\"{}\" custom_padding__hover=\"|||\"][et_pb_row_inner _builder_version=\"3.25\" custom_margin=\"|||\" custom_padding=\"|15px||\" global_colors_info=\"{}\"][et_pb_column_inner saved_specialty_column_type=\"3_4\" _builder_version=\"3.25\" custom_padding=\"|||\" global_colors_info=\"{}\" custom_padding__hover=\"|||\"][et_pb_text admin_label=\"Aktuelles \u00dcberschrift\" _builder_version=\"4.11.3\" module_alignment=\"left\" border_style=\"solid\" global_colors_info=\"{}\"]<\/p><h1>Aktuelles<\/h1><p>[\/et_pb_text][et_pb_text admin_label=\"Absage JHV\" _builder_version=\"4.13.0\" module_alignment=\"left\" display_conditions=\"W3siaWQiOiI3ZWM4NTIyOS1jMTIwLTQ4NjgtYTM1My02YjNlYTFiYmU4NTIiLCJjb25kaXRpb24iOiJkYXRlVGltZSIsImNvbmRpdGlvblNldHRpbmdzIjp7ImRhdGVUaW1lRGlzcGxheSI6ImlzQmVmb3JlIiwiZGF0ZSI6IjIwMjEtMTEtMTMiLCJ0aW1lIjoiMDA6MDAiLCJ3ZWVrZGF5cyI6InwiLCJhbGxEYXkiOiJvbiIsImZyb21UaW1lIjoiMDA6MDAiLCJ1bnRpbFRpbWUiOiIwMDowMCIsInJlcGVhdCI6Im9mZiIsInJlcGVhdEZyZXF1ZW5jeSI6Im1vbnRobHkiLCJyZXBlYXRGcmVxdWVuY3lTcGVjaWZpY0RheXMiOiJ3ZWVrbHkiLCJyZXBlYXRFbmQiOiJuZXZlciIsInJlcGVhdFVudGlsRGF0ZSI6IjIwMjEtMTEtMTEiLCJyZXBlYXRUaW1lcyI6IjMiLCJhZG1pbkxhYmVsIjoiRGF0ZSAmIFRpbWUiLCJlbmFibGVDb25kaXRpb24iOiJvbiJ9LCJvcGVyYXRvciI6Ik9SIn1d\" border_style=\"solid\" global_colors_info=\"{}\"]<img class=\"wp-image-3114 alignnone size-full\" src=\"https:\/\/www.svfuchstal.de\/fussball\/wp-content\/uploads\/sites\/2\/2021\/11\/Abteilung_Fussball_-JHV.jpg\" alt=\"\" width=\"1006\" height=\"1306\" \/>[\/et_pb_text][et_pb_code admin_label=\"\u00dcberschrift Code-Spiele\" _builder_version=\"4.14.8\" global_colors_info=\"{}\"]<\/p><h2>Spiele und Ergebnisse aller Mannschaften<\/h2><p><!-- [et_pb_line_break_holder] --><!-- [et_pb_line_break_holder] --><!-- [et_pb_line_break_holder] -->[\/et_pb_code][et_pb_code raw_content_last_edited=\"off|desktop\" _builder_version=\"4.14.8\" hover_enabled=\"0\" locked=\"off\" global_colors_info=\"{}\" raw_content__hover_enabled=\"off|desktop\" sticky_enabled=\"0\"]<\/p><div><!-- [et_pb_line_break_holder] --> Laden...<!-- [et_pb_line_break_holder] --><\/div><p><!-- [et_pb_line_break_holder] --><!-- [et_pb_line_break_holder] --><!--<!-- [et_pb_line_break_holder] --><!-- [et_pb_line_break_holder] -->BFVWidget.HTML5.zeigeVereinSpiele(\"00ES8GNHI400000BVV0AG08LVUPGND5I\", \"bfv1487932693717\", { height: 550, width: \"100%\", selectedTab: BFVWidget.HTML5.vereinTabs.spiele, colorResults: \"undefined\" , colorNav: \"undefined\" , colorClubName : \"undefined\" , backgroundNav: \"undefined\"});<!-- [et_pb_line_break_holder] --><!-- [et_pb_line_break_holder] -->--><!-- [et_pb_line_break_holder] --><!-- [et_pb_line_break_holder] --><!-- [et_pb_line_break_holder] --><!-- https:\/\/wordpress.stackexchange.com\/questions\/388930\/javascript-embedded-disappears-for-editors --><!-- [et_pb_line_break_holder] --><!-- [et_pb_line_break_holder] --><!-- <!-- [et_pb_line_break_holder] --> WordPress Multisite disallows the unfiltered_html capability for non-super-admin (ie, any users who are not capable of performing network administration). Anyone without the unfiltered_html capability will not be able to save post content with disallowed HTML tags, including tags.<!-- [et_pb_line_break_holder] --><!-- [et_pb_line_break_holder] -->A quick search shows that there have been attempts at modifying this behaviour, but they may have been invalidated by subsequent updates to WordPress core.<!-- [et_pb_line_break_holder] --><!-- [et_pb_line_break_holder] -->See this answer for a possible solution (though it may not work anymore.)<!-- [et_pb_line_break_holder] -->--><!-- [et_pb_line_break_holder] --><!-- [et_pb_line_break_holder] --><!-- [et_pb_line_break_holder] --><!-- [et_pb_line_break_holder] --><!-- [et_pb_line_break_holder] --><!-- [et_pb_line_break_holder] --><!-- [et_pb_line_break_holder] --><!-- [et_pb_line_break_holder] --><!-- [et_pb_line_break_holder] -->[\/et_pb_code][et_pb_code admin_label=\"Hans Dorfner \u00dcberschrift\" _builder_version=\"4.14.8\" _module_preset=\"default\" global_colors_info=\"{}\"]<\/p><h2><!-- [et_pb_line_break_holder] --> Hans Dorfner Fu\u00dfballcamp<!-- [et_pb_line_break_holder] --><\/h2><p>[\/et_pb_code][et_pb_image src=\"https:\/\/www.svfuchstal.de\/fussball\/wp-content\/uploads\/sites\/2\/2022\/02\/HansDorfner.png\" title_text=\"HansDorfner\" admin_label=\"Bild Dorfner\" _builder_version=\"4.14.8\" _module_preset=\"default\" global_colors_info=\"{}\"][\/et_pb_image][et_pb_text admin_label=\"Klimaschutz beim SV Fuchstal\" _builder_version=\"3.27.4\" global_colors_info=\"{}\"]<\/p><h2>Klimaschutz beim SV Fuchstal<\/h2><p><strong><span style=\"font-size: 12pt;\">Flutlichtanlage in LED-Technik<\/span><\/strong><\/p><p>\u00a0<\/p><p>[\/et_pb_text][et_pb_image src=\"https:\/\/www.svfuchstal.de\/fussball\/wp-content\/uploads\/sites\/2\/2020\/02\/Klimaschutz_led.jpg\" url=\"\/fussball\/abteilung\/#flutlicht\" align_tablet=\"center\" align_phone=\"\" align_last_edited=\"on|desktop\" admin_label=\"Bild Klimaschutz BMU\" _builder_version=\"3.23\" animation_style=\"slide\" box_shadow_style=\"preset1\" global_colors_info=\"{}\"][\/et_pb_image][\/et_pb_column_inner][\/et_pb_row_inner][\/et_pb_column][et_pb_column type=\"1_4\" _builder_version=\"3.25\" custom_padding=\"|||\" global_colors_info=\"{}\" custom_padding__hover=\"|||\"][et_pb_text _builder_version=\"3.27.4\" module_alignment=\"left\" border_style=\"solid\" global_colors_info=\"{}\"]<\/p><h3>WERBEPARTNER<\/h3><p>[\/et_pb_text][et_pb_code global_colors_info=\"{}\"][indeed-clients group='all' order_by='date' order='ASC' limit='30' show='logo,link' theme='theme_1' effect='bounce' columns='1' item_height='100' items_per_slide='1' slide_opt='bullets,nav_button,autoplay,stop_hover,responsive,loop,autoheight' slide_speed='5000' slide_pagination_speed='500' slider_set='1' filter_set='0' pagination_theme='pag-theme1' animation_in='none' animation_out='none' ][\/et_pb_code][et_pb_text _builder_version=\"3.27.4\" module_alignment=\"left\" border_style=\"solid\" global_colors_info=\"{}\"]<\/p><h3>F\u00d6RDERVEREIN<\/h3><p>[\/et_pb_text][et_pb_image src=\"https:\/\/www.svfuchstal.de\/fussball\/wp-content\/uploads\/sites\/2\/2017\/02\/logo-sv-jpg-datei.gif\" url=\"http:\/\/www.svf-kids.de\/\" url_new_window=\"on\" align_tablet=\"center\" align_phone=\"\" align_last_edited=\"on|desktop\" _builder_version=\"3.23\" animation_style=\"slide\" animation_direction=\"left\" animation_duration=\"500ms\" animation_intensity_slide=\"10%\" border_style=\"solid\" sticky=\"off\" global_colors_info=\"{}\"][\/et_pb_image][\/et_pb_column][\/et_pb_section]<\/p>","_et_gb_content_width":"","footnotes":""},"class_list":["post-2","page","type-page","status-publish","hentry"],"_links":{"self":[{"href":"https:\/\/www.svfuchstal.de\/fussball\/wp-json\/wp\/v2\/pages\/2","targetHints":{"allow":["GET"]}}],"collection":[{"href":"https:\/\/www.svfuchstal.de\/fussball\/wp-json\/wp\/v2\/pages"}],"about":[{"href":"https:\/\/www.svfuchstal.de\/fussball\/wp-json\/wp\/v2\/types\/page"}],"author":[{"embeddable":true,"href":"https:\/\/www.svfuchstal.de\/fussball\/wp-json\/wp\/v2\/users\/1"}],"replies":[{"embeddable":true,"href":"https:\/\/www.svfuchstal.de\/fussball\/wp-json\/wp\/v2\/comments?post=2"}],"version-history":[{"count":4,"href":"https:\/\/www.svfuchstal.de\/fussball\/wp-json\/wp\/v2\/pages\/2\/revisions"}],"predecessor-version":[{"id":3813,"href":"https:\/\/www.svfuchstal.de\/fussball\/wp-json\/wp\/v2\/pages\/2\/revisions\/3813"}],"wp:attachment":[{"href":"https:\/\/www.svfuchstal.de\/fussball\/wp-json\/wp\/v2\/media?parent=2"}],"curies":[{"name":"wp","href":"https:\/\/api.w.org\/{rel}","templated":true}]}}