{"id":294,"date":"2017-02-23T21:16:44","date_gmt":"2017-02-23T20:16:44","guid":{"rendered":"http:\/\/wp.svfuchstal.de\/fussball\/?page_id=294"},"modified":"2025-09-03T10:56:11","modified_gmt":"2025-09-03T08:56:11","slug":"abteilung","status":"publish","type":"page","link":"https:\/\/www.svfuchstal.de\/fussball\/abteilung\/","title":{"rendered":"ABTEILUNG"},"content":{"rendered":"<p>[et_pb_section fb_built=&#8220;1&#8243; _builder_version=&#8220;4.16&#8243; custom_padding=&#8220;20px|||&#8220; global_colors_info=&#8220;{}&#8220;][et_pb_row _builder_version=&#8220;4.16&#8243; background_size=&#8220;initial&#8220; background_position=&#8220;top_left&#8220; background_repeat=&#8220;repeat&#8220; global_colors_info=&#8220;{}&#8220;][et_pb_column type=&#8220;4_4&#8243; _builder_version=&#8220;4.16&#8243; custom_padding=&#8220;|||&#8220; global_colors_info=&#8220;{}&#8220; custom_padding__hover=&#8220;|||&#8220;][et_pb_text _builder_version=&#8220;4.18.0&#8243; text_font=&#8220;Open Sans||||||||&#8220; global_colors_info=&#8220;{}&#8220;]<\/p>\n<h1>Vorstand der Abteilung Fu\u00dfball<\/h1>\n<h2>SV Fuchstal 1975 e. V.<\/h2>\n<p>[\/et_pb_text][\/et_pb_column][\/et_pb_row][et_pb_row column_structure=&#8220;1_2,1_2&#8243; _builder_version=&#8220;4.16&#8243; background_size=&#8220;initial&#8220; background_position=&#8220;top_left&#8220; background_repeat=&#8220;repeat&#8220; global_colors_info=&#8220;{}&#8220;][et_pb_column type=&#8220;1_2&#8243; _builder_version=&#8220;4.16&#8243; custom_padding=&#8220;|||&#8220; global_colors_info=&#8220;{}&#8220; custom_padding__hover=&#8220;|||&#8220;][et_pb_text admin_label=&#8220;1. Abteilungsleiter &#8220; _builder_version=&#8220;4.20.4&#8243; background_size=&#8220;initial&#8220; background_position=&#8220;top_left&#8220; background_repeat=&#8220;repeat&#8220; global_colors_info=&#8220;{}&#8220;]<\/p>\n<p><span style=\"font-size: 12pt; color: #000000;\"><u><strong>1. Abteilungsleiter\u00a0<\/strong><\/u><\/span><\/p>\n<p><span style=\"font-size: 12pt;\"><strong>\u200bOliver Theil<\/strong><\/span><br \/><span style=\"font-size: 12pt;\">Telefon: 0160 5969643<\/span><br \/><span style=\"font-size: 12pt;\">E-Mail: <a href=\"&#x6d;a&#x69;l&#x74;&#111;&#x3a;&#111;l&#x69;v&#x65;&#114;&#x2e;&#116;&#x68;&#101;i&#x6c;&#64;&#x73;&#118;&#x66;&#117;&#x63;&#x68;s&#x74;a&#x6c;&#46;&#x64;&#101;\">&#x6f;&#x6c;&#x69;&#x76;&#x65;&#x72;&#x2e;&#116;&#104;&#101;&#105;&#108;&#64;svf&#x75;&#x63;&#x68;&#x73;&#x74;&#x61;&#x6c;&#x2e;&#100;&#101;<\/a><\/span><\/p>\n<p>[\/et_pb_text][et_pb_text admin_label=&#8220;2. Abteilungsleiter &#8220; _builder_version=&#8220;4.27.4&#8243; background_size=&#8220;initial&#8220; background_position=&#8220;top_left&#8220; background_repeat=&#8220;repeat&#8220; global_colors_info=&#8220;{}&#8220;]<\/p>\n<p><span style=\"font-size: 12pt; color: #000000;\"><u><strong>2. Abteilungsleiter\u00a0<\/strong><\/u><\/span><\/p>\n<p><span style=\"font-size: 12pt;\"><strong>Matthias Ahmon<br \/><\/strong>Telefon: 0174 9311486<\/span><br \/><span style=\"font-size: 12pt;\">E-Mail: <a href=\"&#109;&#97;&#x69;l&#116;&#x6f;&#x3a;m&#97;&#x74;&#x74;h&#105;&#x61;&#x73;&#46;&#97;&#x68;&#x6d;o&#110;&#x40;&#x67;m&#97;&#x69;l&#46;&#99;&#x6f;m\">&#109;a&#116;t&#104;i&#x61;s&#x2e;a&#x68;m&#x6f;n&#x40;g&#x6d;a&#x69;l&#x2e;c&#x6f;m<\/a><\/span><\/p>\n<p>[\/et_pb_text][et_pb_text admin_label=&#8220;Sportliche Leitung Herren&#8220; _builder_version=&#8220;4.27.4&#8243; background_size=&#8220;initial&#8220; background_position=&#8220;top_left&#8220; background_repeat=&#8220;repeat&#8220; global_colors_info=&#8220;{}&#8220;]<\/p>\n<p><span style=\"font-size: 12pt; color: #000000;\"><u><strong>Sportliche Leitung Herren<\/strong><\/u><\/span><\/p>\n<p><span style=\"font-size: 12pt;\"><strong>Christian Waldh\u00f6r<\/strong><\/span><br \/><span style=\"font-size: 12pt;\">Telefon: 0151 64048965<\/span><br \/><span style=\"font-size: 12pt;\">E-Mail: <a href=\"http:&#x2f;&#47;&#99;&#x68;&#x72;&#105;&#115;&#x74;&#x69;&#97;&#110;&#x2e;&#x77;&#97;&#108;&#x64;&#x68;\u00f6&#x72;&#x40;&#111;&#110;&#x6c;&#x69;&#110;&#101;&#x2e;&#x64;&#101;\">&#x63;h&#x72;i&#x73;&#116;&#x69;&#97;n&#x2e;w&#x61;&#108;&#x64;&#104;\u00f6r&#x40;o&#x6e;&#108;&#x69;&#110;&#x65;&#x2e;d&#x65;<\/a><\/span><\/p>\n<p>[\/et_pb_text][et_pb_text admin_label=&#8220;Kassier&#8220; _builder_version=&#8220;4.27.4&#8243; background_size=&#8220;initial&#8220; background_position=&#8220;top_left&#8220; background_repeat=&#8220;repeat&#8220; global_colors_info=&#8220;{}&#8220;]<\/p>\n<p><span style=\"font-size: 12pt; color: #000000;\"><strong><u>Kassier<\/u><\/strong><\/span><\/p>\n<p><span style=\"font-size: 12pt;\"><strong>Roland Rock<\/strong><\/span><br \/><span style=\"font-size: 12pt;\">Tel.: 0160\/95255452<\/span><br \/><span style=\"font-size: 12pt;\">E-Mail: <a href=\"&#x6d;&#97;i&#x6c;&#116;o&#x3a;&#109;i&#x63;&#104;a&#x65;&#108;&#46;&#x72;&#105;e&#x64;&#64;s&#x76;&#102;u&#x63;&#104;s&#x74;&#97;l&#x2e;&#100;e\" target=\"_self\" rel=\"noopener noreferrer\">&#x72;&#111;l&#x61;&#110;d&#x2e;&#114;o&#x63;&#x6b;&#64;&#x73;&#x76;&#102;u&#x63;&#104;s&#x74;&#97;l&#x2e;&#x64;&#101;<\/a><\/span><\/p>\n<p>[\/et_pb_text][et_pb_text admin_label=&#8220;Beisitzer&#8220; _builder_version=&#8220;4.19.5&#8243; background_size=&#8220;initial&#8220; background_position=&#8220;top_left&#8220; background_repeat=&#8220;repeat&#8220; global_colors_info=&#8220;{}&#8220;]<\/p>\n<p><span style=\"font-size: 12pt; color: #000000;\"><u><strong>Beisitzer<\/strong><\/u><\/span><\/p>\n<p><span style=\"font-size: 12pt;\"><strong>J\u00fcrgen Hartmann<\/strong><\/span><br \/><span style=\"font-size: 12pt;\">Telefon: 0162 1530914<\/span><br \/><span style=\"font-size: 12pt;\">E-Mail: <a href=\"&#109;&#x61;&#105;&#x6c;&#116;&#x6f;&#58;&#x68;&#97;&#x72;&#116;&#x6d;&#97;&#x6e;&#110;&#x36;&#55;&#x40;&#119;&#x65;&#98;&#x2e;&#100;&#x65;\">&#x68;a&#x72;&#116;m&#x61;&#110;&#x6e;&#54;7&#x40;&#119;&#x65;&#98;&#46;&#x64;&#101;<\/a><\/span><\/p>\n<p><span style=\"font-size: 12pt;\"><strong>Dieter Portele<br \/><\/strong>Telefon: 0179 7957506<\/span><br \/><span style=\"font-size: 12pt;\">E-Mail: <a href=\"mai&#108;&#116;&#111;&#x3a;&#x64;&#x69;&#x65;&#x74;&#x65;r&#46;p&#111;&#114;&#116;&#101;&#x6c;&#x65;&#x40;&#x74;&#x2d;&#x6f;nli&#110;&#101;&#46;&#x64;&#x65;\">&#100;&#x69;&#101;&#x74;&#101;&#x72;&#46;&#x70;o&#114;&#x74;&#101;&#x6c;&#101;&#x40;t&#x2d;o&#110;&#x6c;&#105;&#x6e;&#101;&#x2e;&#100;&#x65;<\/a><\/span><\/p>\n<p>[\/et_pb_text][\/et_pb_column][et_pb_column type=&#8220;1_2&#8243; _builder_version=&#8220;4.16&#8243; custom_padding=&#8220;|||&#8220; global_colors_info=&#8220;{}&#8220; custom_padding__hover=&#8220;|||&#8220;][et_pb_text admin_label=&#8220;Jugendleitung&#8220; _builder_version=&#8220;4.27.4&#8243; background_size=&#8220;initial&#8220; background_position=&#8220;top_left&#8220; background_repeat=&#8220;repeat&#8220; global_colors_info=&#8220;{}&#8220;]<\/p>\n<p><span style=\"font-size: 12pt; color: #000000;\"><u><strong>Jugendleitung<\/strong><\/u><\/span><\/p>\n<p><span style=\"font-size: 12pt;\"><strong>Ralf Klein<\/strong><\/span><br \/><span style=\"font-size: 12pt;\"> Tel.:\u00a0\u00a008243\/968822<\/span><br \/><span style=\"font-size: 12pt;\"> Mobil:\u00a00176\/38730463<\/span><br \/><span style=\"font-size: 12pt;\"> Email: <a href=\"&#x6d;&#x61;&#x69;&#x6c;&#x74;&#111;&#58;&#114;&#97;lfk&#x6c;&#x65;&#x69;&#x6e;&#x37;&#x31;&#64;&#103;&#109;ail&#x2e;&#x63;&#x6f;&#x6d;\">&#x72;&#x61;&#108;f&#x6b;&#x6c;&#101;in&#x37;&#x31;&#64;g&#x6d;&#x61;&#105;&#108;&#46;&#x63;&#x6f;&#109;<\/a><\/span><\/p>\n<p><span style=\"font-size: 12pt;\"><strong>Karoline Eckl<\/strong><\/span><br \/><span style=\"font-size: 12pt;\"> Mobil: 0162\/6832477<\/span><br \/><span style=\"font-size: 12pt;\"> Email: <a href=\"&#x6d;&#97;&#105;&#x6c;&#x74;&#111;&#58;&#x6b;&#x61;&#114;&#111;&#x5f;&#x76;&#101;&#105;&#x74;&#x40;&#121;&#97;&#x68;&#x6f;&#111;&#46;&#x64;&#x65;\">&#x6b;&#x61;&#114;&#111;&#95;v&#x65;&#x69;&#x74;&#64;&#121;ah&#x6f;&#x6f;&#x2e;&#100;&#101;<\/a><\/span><\/p>\n<p>[\/et_pb_text][et_pb_text admin_label=&#8220;Sportlicher Leiter Damen&#8220; _builder_version=&#8220;4.27.4&#8243; background_size=&#8220;initial&#8220; background_position=&#8220;top_left&#8220; background_repeat=&#8220;repeat&#8220; hover_enabled=&#8220;0&#8243; global_colors_info=&#8220;{}&#8220; sticky_enabled=&#8220;0&#8243;]<\/p>\n<p><span style=\"font-size: 12pt; color: #000000;\"><u><strong>Sportlicher Leiter Damen<\/strong><\/u><\/span><\/p>\n<p><span style=\"font-size: 12pt;\"><strong>Manfred Tasler<\/strong><\/span><br \/><span style=\"font-size: 12pt;\">Tel.:\u00a008243\/961959<\/span><br \/><span style=\"font-size: 12pt;\">Mobil:\u00a00151\/53541666<\/span><br \/><span style=\"font-size: 12pt;\">Email:<a href=\"&#109;a&#x69;l&#x74;&#111;&#x3a;&#109;&#x2e;&#112;&#46;&#x74;a&#x73;&#108;&#x65;&#114;&#x40;&#116;&#x2d;&#111;n&#x6c;i&#x6e;&#101;&#x2e;&#100;&#x65;\" target=\"_self\" rel=\"noopener noreferrer\"> &#x6d;&#46;&#x70;&#x2e;&#116;&#x61;&#115;l&#x65;&#114;&#64;&#x74;&#45;o&#x6e;&#108;i&#x6e;&#101;&#x2e;&#x64;&#101;<\/a><\/span><\/p>\n<p>[\/et_pb_text][et_pb_text admin_label=&#8220;Leitung Sportanlage&#8220; _builder_version=&#8220;4.27.4&#8243; background_size=&#8220;initial&#8220; background_position=&#8220;top_left&#8220; background_repeat=&#8220;repeat&#8220; border_style=&#8220;solid&#8220; global_colors_info=&#8220;{}&#8220;]<\/p>\n<p><span style=\"font-size: 12pt; color: #000000;\"><u><strong>Leitung Sportanlage<\/strong><\/u><\/span><\/p>\n<p><span style=\"font-size: 12pt;\">Andreas Oppenrieder<\/span><br \/><span style=\"font-size: 12pt;\">Tel.: 0151 23 432 228<\/span><br \/><span style=\"font-size: 12pt;\">E-Mail: <a href=\"&#x6d;a&#x69;&#108;&#x74;&#111;:&#x61;n&#x64;&#114;&#x65;&#97;s&#x2e;&#111;&#x70;&#112;e&#x6e;r&#x69;&#101;&#x64;&#101;r&#x40;s&#x76;&#102;&#x75;&#x63;h&#x73;&#116;&#x61;&#108;&#46;&#x64;e\" target=\"_self\" rel=\"noopener noreferrer\">&#x61;n&#x64;&#114;&#x65;&#97;s&#x2e;&#111;&#x70;&#112;e&#x6e;&#114;&#x69;&#101;d&#x65;r&#x40;&#115;&#x76;&#x66;u&#x63;&#104;&#x73;&#116;a&#x6c;&#46;&#x64;&#101;<\/a><\/span><\/p>\n<p><span style=\"font-size: 12pt;\"><strong>Alexander Keller<br \/><\/strong>Telefon: 0172 58996139<\/span><br \/><span style=\"font-size: 12pt;\">E-Mail: <a href=\"&#x6d;&#x61;&#x69;&#x6c;&#x74;&#x6f;&#x3a;&#x61;&#108;&#101;&#120;&#97;&#110;&#100;&#101;rkel&#x6c;&#x65;&#x72;&#x32;&#x40;&#x67;&#x6d;&#x78;&#x2e;&#100;&#101;\">&#x61;&#108;e&#x78;&#97;&#110;&#x64;&#x65;&#114;k&#x65;&#108;l&#x65;&#x72;&#50;&#64;&#x67;&#109;x&#x2e;&#x64;&#101;<\/a><\/span><strong><br \/><\/strong><\/p>\n<p>[\/et_pb_text][et_pb_text admin_label=&#8220;Schriftf\u00fchrer&#8220; _builder_version=&#8220;4.19.5&#8243; background_size=&#8220;initial&#8220; background_position=&#8220;top_left&#8220; background_repeat=&#8220;repeat&#8220; border_style=&#8220;solid&#8220; global_colors_info=&#8220;{}&#8220;]<\/p>\n<p><span style=\"font-size: 12pt; color: #000000;\"><u><strong>Schriftf\u00fchrer<\/strong><\/u><\/span><\/p>\n<p><span style=\"font-size: 12pt;\"><strong>Felix Ihle<\/strong><\/span><br \/><span style=\"font-size: 12pt;\">Tel.: 0160\/91005433<\/span><br \/><span style=\"font-size: 12pt;\">E-Mail:\u00a0<a href=\"ma&#105;&#108;&#x74;&#x6f;&#x3a;&#x66;el&#105;&#120;&#x2e;&#x69;&#x68;&#x6c;e&#64;&#116;&#45;&#111;&#x6e;&#x6c;&#x69;&#x6e;e&#46;&#100;&#101;\" target=\"_self\" rel=\"noopener noreferrer\">felix&#46;&#105;&#104;&#108;&#101;&#64;&#116;&#45;&#x6f;&#x6e;&#x6c;&#x69;&#x6e;&#x65;&#x2e;&#x64;&#x65;<\/a><\/span><\/p>\n<p>[\/et_pb_text][\/et_pb_column][\/et_pb_row][\/et_pb_section][et_pb_section fb_built=&#8220;1&#8243; admin_label=&#8220;section&#8220; _builder_version=&#8220;4.16&#8243; custom_padding=&#8220;20px|||&#8220; global_colors_info=&#8220;{}&#8220;][et_pb_row admin_label=&#8220;row&#8220; _builder_version=&#8220;4.16&#8243; background_size=&#8220;initial&#8220; background_position=&#8220;top_left&#8220; background_repeat=&#8220;repeat&#8220; global_colors_info=&#8220;{}&#8220;][et_pb_column type=&#8220;4_4&#8243; _builder_version=&#8220;4.16&#8243; custom_padding=&#8220;|||&#8220; global_colors_info=&#8220;{}&#8220; custom_padding__hover=&#8220;|||&#8220;][et_pb_text admin_label=&#8220;\u00dcberschrift Chronik des SV Fuchstal&#8220; module_id=&#8220;chronik&#8220; _builder_version=&#8220;4.16&#8243; global_colors_info=&#8220;{}&#8220;]<\/p>\n<h1>Chronik des SV Fuchstal<\/h1>\n<p>[\/et_pb_text][et_pb_accordion admin_label=&#8220;Akkordeon &#8211; Chronik des SV Fuchstal&#8220; _builder_version=&#8220;4.16&#8243; global_colors_info=&#8220;{}&#8220;][et_pb_accordion_item title=&#8220;Nach der Gebietsreform 1972 entstand die Gemeinde Fuchstal aus den Orten Asch, Leeder und Seestall. &#8220; open=&#8220;on&#8220; _builder_version=&#8220;4.16&#8243; global_colors_info=&#8220;{}&#8220;]<\/p>\n<p>Der damalige B\u00fcrgermeister Sch\u00f6ner hatte die Vision auch die Sportvereine zusammen zu legen und das heutige Sportzentrum zu bauen. F\u00fcr viele Fu\u00dfballer war dies \u00a0in der damaligen Zeit undenkbar, da eine gro\u00dfe Rivalit\u00e4t zwischen dem SV Asch und dem BC Leeder bestand.<\/p>\n<p>Zuerst wurde 1973 der Jugendbereich zu einer Spielgemeinschft zusammengelegt. Als erste Jugendtrainer fungierten Herbert Andres und Ernst Schmid. \u00a0Durch die Fusion <strong>1975 zum SV Fuchstal<\/strong> erhoffte man sich auch im Seniorenbereich sportliche Erfolge zu erreichen. Der neue Club setzte sich aus den Vereinen SV Asch, BC Leeder und TSV Leeder zusammen. Jedoch waren nur wenige Fu\u00dfballer aus dem vermeintlich starken Spielerkader bereit, beim neuen Verein zu spielen. So musste die 1. Mannschaft mit &#8222;Reservespielern&#8220; aufgef\u00fcllt werden, um am Spielbetrieb teilnehmen zu k\u00f6nnen. Trotzdem hielt sich die Mannschaft wacker und konnte in der ersten Saison einen vorderen Tabellenplatz in der damaligen B-Klasse erreichen. Doch die weiteren Spielerverluste in der Folgezeit machten schlie\u00dflich den Abstieg 1978 unvermeidbar. Die darauf folgenden Jahre waren sehr schwierig. Nur Dank einer sehr guten Kameradschaft und Zusammenhalt zwischen den Spielern und den Funktion\u00e4ren konnte der Spielbetrieb mit 2 Mannschaften aufrechterhalten werden.<\/p>\n<p>Die Hoffnung galt der jahrelang hervorragenden Jugendarbeit. Diese sollte sich auch erf\u00fcllen: Nach wiederholter Reservemeisterschaft wurde in den Jahren 1981 bis 1985 eine aus den eigenen Reihen verj\u00fcngte Mannschaft 4 mal Vizemeister. Der Aufstieg jedoch sollte erst im 4. Anlauf per Entscheidungsspiel klappen. Schade nur, dass darauf eine B-Klassen-Saison mit vielen ungl\u00fccklichen Spielen absolviert wurde und letztendlich der Wiederabstieg feststand. In den folgenden Jahren schnupperte die 1. Mannschaft immer wieder an den Aufstiegspl\u00e4tzen, am Ende stand man aber wie so oft mit leeren H\u00e4nden da.<br \/>Im Jugendbereich, gab es dagegen beinahe programmgem\u00e4\u00df einen Meistertitel bzw. Aufstieg nach dem anderen zu feiern, was nat\u00fcrlich unsere Talente f\u00fcr h\u00f6herklassige Vereine interessant werden lie\u00df.<\/p>\n<p>Als 1992 sogar ein Fanclub gegr\u00fcndet wurde, der haupts\u00e4chlich aus Spielerfrauen bestand, war dieser eine gro\u00dfe Bereicherung f\u00fcr unsere Abteilung. Gleichzeitig bildete sich eine Damenmannschaft, die \u00fcber viele Jahre immer wieder Freundschaftsspiele bestritten.<\/p>\n<p><span style=\"font-size: 13px;\">Erst als 1995 Walter Andres nach schwachem Saisonauftakt den Trainerstuhl \u00fcbernahm und der ein oder andere Spieler zum Verein zur\u00fcckkehrte, kam der Aufschwung auch im Seniorenbereich.\u00a0<\/span><span style=\"font-size: 13px;\">Eine kurze Eingew\u00f6hnungsphase ging \u00fcber in eine Serie von Spielen ohne Niederlage bis zum Ende der Runde. Ergebnis: 3.Platz f\u00fcr die 1. Mannschaft und Meistertitel f\u00fcr die 2. Mannschaft.\u00a0<\/span><span style=\"font-size: 13px;\">Mit dem Bau der Trib\u00fcne 1996 wurde die ganze Sportanlage noch einmal aufgewertet. Durch den Bau des Ger\u00e4testadels schaffte man Platz im Sportheim, um dieses umzubauen und auf 4 Umkleidekabinen und 2 Schiedsrichterkabinen zu erweitern.<\/span><\/p>\n<p>Die n\u00e4chsten Jahre waren f\u00fcr uns sehr erfolgreich:<br \/><strong>1997<\/strong> : Doppelmeisterschaft, Aufstieg in die B-Klasse<br \/><strong>1998<\/strong> : Vizemeister B-Klasse, Niederlage im 2. Aufstiegsspiel<br \/><strong>1999<\/strong> : Vizemeister (jetzt) Kreisklasse, Aufstieg nach Entscheidungsspiel in die Kreisliga Zugspitze.<\/p>\n<p>In der folgenden Punktrunde war Klassenerhalt das angestrebte Ziel und unsere 1. Mannschaft zeigte, dass sie in dieser Liga durchaus gut mithalten kann.<br \/>Die 2. Mannschaft pr\u00e4sentierte sich in der neu eingef\u00fchrten B-Klasse S\u00fcd hervorragend und konnte bei gleichbleibenden Leistungen die Aufstiegsberechtigung bereits in der 1. Saison nutzen.\u00a0Nach einem 10. Platz im ersten A-Klassenjahr war es in der folgenden Saison 2000\/2001 aufgrund von mehreren beendeten Karrieren nicht mehr m\u00f6glich den anderen Vereinen (\u00fcberwiegend 1. Mannschaften) Paroli zu bieten und die Klasse zu halten.<br \/>Nach dem Abgang von Erfolgscoach Andres im Jahr 2000 hatte unsere Erste nun auch eine schwierige Phase zu \u00fcberstehen, in der der Trainerstuhl leider nicht l\u00e4ngerfristig besetzt werden konnte. Doch der Verbleib in der Kreisliga konnte mit vereinten Kr\u00e4ften (Danke an Interimscoach Hermann Treischl ; sp\u00e4ter Peter Wiedenann ) geschafft werden.<\/p>\n<p>Darauf begann f\u00fcr den SV Fuchstal die <strong>Trainer-\u00c4ra Oerther<\/strong>.<br \/>Nach 2 Runden \u201eMittelma\u00df\u201c erreichten wir\u00a0 2004\/2005 einen tollen 4. Platz. Daran schloss sich eine Saison der verpassten Chancen an. Nach der Vorrunde hatten wir auf den Tabellenf\u00fchrer unn\u00f6tigerweise 9 Punkte R\u00fcckstand angesammelt, diesen jedoch durch eine fast perfekte R\u00fcckrunde beinahe abgebaut. Letztlich hatten wir den 2. Platz fixiert und gingen in die Relegation zur Bezirksliga. Im Spiel gegen Forstenried behielten wir noch verdient die Oberhand und siegten mit 3-2 , aber gegen Gai\u00dfach waren wir nicht vom Gl\u00fcck verfolgt und gingen nach Verl\u00e4ngerung als Verlierer vom Platz.<br \/>In der folgenden Spielzeit waren die Aufstiegsr\u00e4nge f\u00fcr uns wieder machbar \u2013 insbesondere als wir nach mittelpr\u00e4chtiger Vorrunde eine Serie von 8 Siegen hinlegten und uns damit auf Platz 2 vorgeschoben hatten. Im Endspurt gelangen jedoch nur noch 6 von 15 m\u00f6glichen Punkten und so blieb \u201enur\u201c Platz 3 .<br \/>Die Saison 2007\/2008 sollte es aber dann in sich haben:<br \/>Nach einem Kantersieg gegen den Mitfavoriten Geiselbullach waren die Weichen gestellt: Bereits einen Spieltag vor Schluss wurde die Meisterschaft eingefahren und der gr\u00f6\u00dfte Erfolg der Vereinsgeschichte war perfekt: <strong>Der SV Fuchstal spielt in der Bezirksliga<\/strong> !<br \/>Aber damit nicht genug, auch die 2. Mannschaft wurde vorzeitig Meister und kehrte in die A-Klasse zur\u00fcck. Grund genug also f\u00fcr ausgiebige Feierlichkeiten (Festwochen) der F\u00fcchse , welche den Abschied vom Erfolgstrainer Bernd Oerther etwas erleichterten.<\/p>\n<p>Michael Eiband trat seine Nachfolge an und eins war auch ihm klar: Die Bezirksliga wird eine schwere Aufgabe, denn nun m\u00fcssen wir gegen Vereine antreten, die andere finanzielle M\u00f6glichkeiten haben und somit \u00fcber einen gr\u00f6\u00dferen und qualitativ besser besetzten Kader verf\u00fcgen. Teamgeist war also gefragt und die Saison verlangte wirklich das \u00c4u\u00dferste von unseren Spielern. Nach hartem Kampf konnte der Relegationsplatz bewerkstelligt werden und auch bei den Entscheidungsspielen wurde der Einsatz belohnt.<br \/>Siege gegen den SC Gr\u00f6benzell und DJK Pasing verschafften uns mindestens ein weiteres Jahr in der Bezirksliga.<br \/>Anerkennung galt ebenso der 2. Mannschaft, die mit einem guten 8. Platz die A-Klasse halten konnte. Auch die neu gegr\u00fcndete 3. Mannschaft erreichte einen respektablen 8. Platz in der C-Klasse.<br \/>Im zweiten Bezirksligajahr konnte man nur noch schwer mithalten. Somit war der Klassenerhalt nicht mehr gegeben. Selbst die R\u00fcckkehr unseres Erfolgstrainers Bernd Oerther gegen Mitte der R\u00fcckrunde konnte dies nicht mehr verhindern. Die 2. Mannschaft belegte einen tollen 6. Platz. Trotz des respektablen 9. Tabellenplatzes unserer 3. Mannschaft in ihrem 2. Jahr, entschlossenen wir uns schweren Herzens, diese im darauffolgenden Jahr nicht mehr zum Spielbetrieb zu melden.<br \/>Seit dieser Zeit ist der SV Fuchstal wieder eine feste Institution in der Kreisliga. Die 2. Mannschaft konnte mehrere Jahre in der A-Klasse spielen und belegt momentan einen Spitzenplatz in der B-Klasse. F\u00fcr die Zukunft k\u00f6nnen wir positiv gestimmt sein, denn mit insgesamt 14 Jugendmannschaften, davon 2 reine M\u00e4dchenmannschaften, werden wir immer einen hervorragenden Unterbau haben.<\/p>\n<p>Hartwig Metzger und Holger Sauter<\/p>\n<p>[\/et_pb_accordion_item][\/et_pb_accordion][\/et_pb_column][\/et_pb_row][\/et_pb_section][et_pb_section fb_built=&#8220;1&#8243; _builder_version=&#8220;4.16&#8243; custom_padding=&#8220;20px|||&#8220; global_colors_info=&#8220;{}&#8220;][et_pb_row _builder_version=&#8220;4.16&#8243; background_size=&#8220;initial&#8220; background_position=&#8220;top_left&#8220; background_repeat=&#8220;repeat&#8220; global_colors_info=&#8220;{}&#8220;][et_pb_column type=&#8220;4_4&#8243; _builder_version=&#8220;4.16&#8243; custom_padding=&#8220;|||&#8220; global_colors_info=&#8220;{}&#8220; custom_padding__hover=&#8220;|||&#8220;][et_pb_text admin_label=&#8220;\u00dcberschrift Mitglied beim SV Fuchstal werden&#8220; module_id=&#8220;mitglied&#8220; _builder_version=&#8220;4.16&#8243; global_colors_info=&#8220;{}&#8220;]<\/p>\n<h1>Mitglied beim SV Fuchstal werden<\/h1>\n<p>[\/et_pb_text][et_pb_text admin_label=&#8220;Text &#8211; Mitgliedschaft Hauptverein&#8220; _builder_version=&#8220;4.27.0&#8243; background_size=&#8220;initial&#8220; background_position=&#8220;top_left&#8220; background_repeat=&#8220;repeat&#8220; global_colors_info=&#8220;{}&#8220;]<\/p>\n<h2>Hauptverein<\/h2>\n<table style=\"width: 100%;\" border=\"0\" cellspacing=\"1\" cellpadding=\"1\">\n<tbody>\n<tr>\n<td>Kinder (bis 14 Jahre) u. Versehrte<\/td>\n<td style=\"text-align: right;\">28,00 \u20ac<\/td>\n<\/tr>\n<tr>\n<td>Jugendliche (15-18 Jahre)<\/td>\n<td style=\"text-align: right;\">36,00 \u20ac<\/td>\n<\/tr>\n<tr>\n<td>Auszubildende, Sch\u00fcler, Studenten, BuFDi<strong>\u00a0*<\/strong><\/td>\n<td style=\"text-align: right;\">40,00 \u20ac<\/td>\n<\/tr>\n<tr>\n<td>Erwachsene aktiv<\/td>\n<td style=\"text-align: right;\">65,00 \u20ac<\/td>\n<\/tr>\n<tr>\n<td>Erwachsene passiv<\/td>\n<td style=\"text-align: right;\">40,00 \u20ac<\/td>\n<\/tr>\n<tr>\n<td>Familien aktiv<\/td>\n<td style=\"text-align: right;\">120,00 \u20ac<\/td>\n<\/tr>\n<tr>\n<td>Familien passiv<\/td>\n<td style=\"text-align: right;\">70,00 \u20ac<\/td>\n<\/tr>\n<tr>\n<td>Familien aktiv\/passiv<\/td>\n<td style=\"text-align: right;\">\u00a0 95,00 \u20ac<\/td>\n<\/tr>\n<tr>\n<td>\u00a0<\/td>\n<td style=\"text-align: right;\"><span style=\"font-size: 8pt;\">jeweils Jahresbeitrag<\/span><\/td>\n<\/tr>\n<\/tbody>\n<\/table>\n<p><strong><span style=\"font-size: 10pt;\">*Auszubildende, Sch\u00fcler,Studenten,BuFDi\u00b4s nur mit Antrag<\/span><\/strong><\/p>\n<p><strong>Kontaktperson<\/strong> f\u00fcr die Mitgliederverwaltung des Hauptvereins\u00a0ist <strong>Alexander Vollmer<\/strong>.<br \/>E-Mail:\u00a0<a href=\"&#x6d;&#97;&#x69;&#108;t&#x6f;&#58;m&#x69;&#116;&#x67;&#x6c;i&#x65;&#100;e&#x72;&#118;&#x65;&#x72;w&#x61;&#108;t&#x75;&#110;g&#x40;&#115;&#x76;&#102;u&#x63;&#104;s&#x74;&#97;&#x6c;&#x2e;d&#x65;\" target=\"\" rel=\"noopener noreferrer\">&#x6d;&#105;t&#x67;&#108;i&#x65;&#100;e&#x72;&#118;e&#x72;&#119;a&#x6c;&#x74;u&#x6e;&#x67;&#64;&#x73;&#x76;&#102;&#x75;&#x63;&#104;s&#x74;&#97;l&#x2e;&#100;e<\/a><\/p>\n<p>[\/et_pb_text][et_pb_text admin_label=&#8220;Text &#8211; Mitgliedschaft Abteilung Fu\u00dfball&#8220; _builder_version=&#8220;4.27.0&#8243; background_size=&#8220;initial&#8220; background_position=&#8220;top_left&#8220; background_repeat=&#8220;repeat&#8220; global_colors_info=&#8220;{}&#8220;]<\/p>\n<h2>Abteilung Fu\u00dfball<\/h2>\n<table style=\"width: 100%;\" border=\"0\" cellspacing=\"1\" cellpadding=\"1\">\n<tbody>\n<tr>\n<td style=\"width: 612px;\">Erwachsene<\/td>\n<td style=\"text-align: right; width: 226px;\">80,00 \u20ac<\/td>\n<\/tr>\n<tr>\n<td style=\"width: 612px;\">Erwachsene passiv<\/td>\n<td style=\"text-align: right; width: 226px;\">40,00 \u20ac<\/td>\n<\/tr>\n<tr>\n<td style=\"width: 612px;\">Fu\u00dfball Kinder\/Jugendliche\u00a01. Kind<\/td>\n<td style=\"text-align: right; width: 226px;\">80,00 \u20ac<\/td>\n<\/tr>\n<tr>\n<td style=\"width: 612px;\">Fu\u00dfball Kinder\/Jugendliche\u00a02. Kind<\/td>\n<td style=\"text-align: right; width: 226px;\">60,00 \u20ac<\/td>\n<\/tr>\n<tr>\n<td style=\"width: 612px;\">Fu\u00dfball Kinder\/Jugendliche ab 3. Kind<\/td>\n<td style=\"text-align: right; width: 226px;\">0,00 \u20ac<\/td>\n<\/tr>\n<tr>\n<td style=\"width: 612px;\">\u00a0<\/td>\n<td style=\"text-align: right; width: 226px;\"><span style=\"font-size: 8pt;\">jeweils Jahresbeitrag<\/span><\/td>\n<\/tr>\n<\/tbody>\n<\/table>\n<p>Die Abbuchung erfolgt zum 01.03. und 01.10. je zur H\u00e4lfte.<\/p>\n<p><strong>Kontaktperson<\/strong> f\u00fcr die Mitgliederverwaltung der Abt. Fu\u00dfball ist <strong>Roland Rock<\/strong>.<br \/>Mobil: 0160\/95255452\u00a0 E-Mail:<a href=\"&#109;&#x61;&#105;&#x6c;t&#111;&#x3a;&#114;&#x6f;l&#x61;n&#100;&#x2e;&#114;&#x6f;c&#x6b;&#x40;&#115;&#x76;f&#x75;c&#104;&#x73;&#116;&#x61;l&#x2e;d&#101;\" target=\"_self\" rel=\"noopener noreferrer\">&#114;&#x6f;&#x6c;a&#110;&#x64;&#x2e;r&#111;&#x63;k&#64;&#x73;&#x76;f&#117;&#x63;h&#115;&#x74;&#x61;l&#46;&#x64;&#x65;<\/a><\/p>\n<p>[\/et_pb_text][et_pb_text admin_label=&#8220;Text Beitragsantrag&#8220; _builder_version=&#8220;4.27.0&#8243; background_size=&#8220;initial&#8220; background_position=&#8220;top_left&#8220; background_repeat=&#8220;repeat&#8220; global_colors_info=&#8220;{}&#8220;]<\/p>\n<p><a href=\"https:\/\/www.svfuchstal.de\/fussball\/wp-content\/uploads\/sites\/2\/2024\/09\/Beitrittserklaerung.pdf\" target=\"_blank\" rel=\"noopener\">Beitrittserkl\u00e4rung<\/a><\/p>\n<p><a href=\"https:\/\/www.svfuchstal.de\/wp-content\/uploads\/2017\/02\/beitragsminderungsantrag.pdf\" target=\"_blank\" rel=\"noopener\">Beitragsminderungsantrag<\/a><\/p>\n<p><a href=\"https:\/\/www.svfuchstal.de\/wp-content\/uploads\/2018\/08\/Satzung-SV-Fuchstal-neu-2017.pdf\" target=\"_blank\" rel=\"noopener noreferrer\">Satzung SV 1975 Fuchstal e. V.<\/a><\/p>\n<p><a href=\"https:\/\/www.svfuchstal.de\/fussball\/wp-content\/uploads\/sites\/2\/2023\/05\/Datenerklaerung-Erwachsene-des-SV-Fuchstal.pdf\" rel=\"attachment wp-att-3499\">Datenerkl\u00e4rung Erwachsene<\/a><\/p>\n<p><a href=\"https:\/\/www.svfuchstal.de\/fussball\/wp-content\/uploads\/sites\/2\/2023\/05\/Datenerklaerung-Minderjaehrige-des-SV-Fuchstal.pdf\" rel=\"attachment wp-att-3498\">Datenerkl\u00e4rung Minderj\u00e4hrige des SV Fuchstal<\/a><\/p>\n<p><a href=\"https:\/\/www.svfuchstal.de\/fussball\/wp-content\/uploads\/sites\/2\/2023\/05\/Datenschutzrichtlinie-des-SV-Fuchstal.pdf\" rel=\"attachment wp-att-3497\">Datenschutzrichtlinie des SV Fuchstal<\/a><\/p>\n<p>&nbsp;<\/p>\n<p>[\/et_pb_text][\/et_pb_column][\/et_pb_row][\/et_pb_section][et_pb_section fb_built=&#8220;1&#8243; admin_label=&#8220;Bundesministerium f\u00fcr Umwelt &#8211; Flutlicht&#8220; _builder_version=&#8220;4.16&#8243; global_colors_info=&#8220;{}&#8220;][et_pb_row _builder_version=&#8220;4.16&#8243; global_colors_info=&#8220;{}&#8220;][et_pb_column type=&#8220;4_4&#8243; _builder_version=&#8220;4.16&#8243; custom_padding=&#8220;|||&#8220; global_colors_info=&#8220;{}&#8220; custom_padding__hover=&#8220;|||&#8220;][et_pb_text admin_label=&#8220;Text &#8211; Investition in die Zukunft&#8220; module_id=&#8220;flutlicht&#8220; _builder_version=&#8220;4.16&#8243; global_colors_info=&#8220;{}&#8220;]<\/p>\n<h2><strong>Investition in die Zukunft &#8211; Klimaschutz beim SV Fuchstal<\/strong><\/h2>\n<p><strong>Umr\u00fcstung der Flutlichanlage auf LED-Technik<\/strong><\/p>\n<p>Anfang August war es endlich soweit. Die Flutlichtanlage von den 3 Trainingspl\u00e4tzen des SV Fuchstal wurde auf hochmoderne LED-Strahler umgestellt. Nach einer langen Informations- und Planungsphase, dem Einreichen der F\u00f6rdermittelantr\u00e4ge und der anschlie\u00dfenden Vergabe an die Fa. Elektro Vogel als Generalvertretung von LUMOSA in S\u00fcdbayern. Mit tatkr\u00e4ftiger Mithilfe der Vereinsmitglieder konnte die Ma\u00dfnahme umgesetzt werden.<\/p>\n<p>Dazu sind die teils knapp 40 Jahre alten HQI-Strahler demontiert worden und durch die neue zukunftsweisende Technik LED-Leuchtmittel ersetzt worden. Eine errechnete Stromeinsparung von 71 % und mehr werden sich nicht nur deutlich auf die Energiekosten des Vereins bemerkbar machen, sondern zugleich eine erhebliche CO\u00b2-Reduzierung von gut 90 Tonnen \u00fcber die kommenden 20 Jahre mit sich bringen und somit einen Teil dazu beitragen die Umwelt zu entlasten.<\/p>\n<p>Wie bereits auf der Infoveranstaltung der Landsberger Energieagentur (LENA) angek\u00fcndigt, k\u00f6nnen sich Vertreter anderer Vereine \u00fcber Details dieser zukunftsweisenden Umstellung bei uns informieren.<\/p>\n<p>Mit dieser neuen Beleuchtungstechnologie beweist der SV Fuchstal und die Gemeinde Fuchstal, nicht nur \u00fcber die notwendigen Ma\u00dfnahmen zur Verbesserung der Umwelt zu sprechen, sondern auch weiter aktiv umzusetzen.<\/p>\n<p>Auf Grund eines Beschlusses des Deutschen Bundestages gef\u00f6rdert durch:<\/p>\n<p><img loading=\"lazy\" decoding=\"async\" class=\"alignnone wp-image-2731 size-medium\" src=\"https:\/\/www.svfuchstal.de\/fussball\/wp-content\/uploads\/sites\/2\/2020\/02\/Bundesministerium_fuer_Umwelt-300x130.jpg\" alt=\"\" width=\"300\" height=\"130\" srcset=\"https:\/\/www.svfuchstal.de\/fussball\/wp-content\/uploads\/sites\/2\/2020\/02\/Bundesministerium_fuer_Umwelt-300x130.jpg 300w, https:\/\/www.svfuchstal.de\/fussball\/wp-content\/uploads\/sites\/2\/2020\/02\/Bundesministerium_fuer_Umwelt.jpg 656w\" sizes=\"(max-width: 300px) 100vw, 300px\" \/><\/p>\n<p>[\/et_pb_text][\/et_pb_column][\/et_pb_row][\/et_pb_section]<\/p>\n","protected":false},"excerpt":{"rendered":"<p>Vorstand der Abteilung Fu\u00dfball SV Fuchstal 1975 e. V.1. Abteilungsleiter\u00a0 \u200bOliver TheilTelefon: 0160 5969643E-Mail: &#x6f;&#108;i&#x76;&#x65;&#114;&#46;&#x74;&#x68;&#101;i&#x6c;&#64;s&#x76;&#x66;&#117;c&#x68;&#x73;&#116;a&#x6c;&#46;&#100;&#x65;2. Abteilungsleiter\u00a0 Matthias AhmonTelefon: 0174 9311486E-Mail: m&#97;&#116;&#116;&#x68;&#x69;&#x61;s&#46;&#97;&#104;&#x6d;&#x6f;&#x6e;&#x40;gm&#97;&#105;&#x6c;&#x2e;&#x63;&#x6f;m&#83;&#112;&#111;&#x72;&#x74;&#x6c;ic&#104;&#101; Leitung Herren Christian Waldh\u00f6rTelefon: 0151 64048965E-Mail: &#x63;h&#x72;i&#x73;&#116;&#x69;&#97;n&#x2e;w&#x61;&#108;&#x64;&#104;\u00f6r&#x40;o&#x6e;&#108;&#x69;&#110;&#x65;&#x2e;d&#x65;K&#x61;&#115;&#x73;&#105;e&#x72; Roland RockTel.: 0160\/95255452E-Mail: &#x72;&#111;l&#x61;&#110;d&#x2e;&#114;o&#x63;&#x6b;&#64;&#x73;&#x76;&#102;u&#x63;&#104;s&#x74;&#97;l&#x2e;&#x64;&#101;&#x42;&#x65;&#105;s&#x69;&#116;z&#x65;&#114; J\u00fcrgen HartmannTelefon: 0162 1530914E-Mail: &#x68;&#x61;&#x72;&#116;&#109;an&#x6e;&#x36;&#x37;&#64;&#119;eb&#x2e;&#x64;&#x65; Dieter PorteleTelefon: 0179 7957506E-Mail: &#x64;&#x69;&#101;&#116;er&#x2e;&#x70;&#x6f;&#114;te&#x6c;&#x65;&#x40;&#116;&#45;o&#x6e;&#x6c;&#x69;&#110;&#101;&#46;&#x64;&#x65;&#x4a;&#117;&#103;en&#x64;&#x6c;&#x65;&#105;tu&#x6e;&#x67; Ralf Klein Tel.:\u00a0\u00a008243\/968822 Mobil:\u00a00176\/38730463 Email: &#x72;&#x61;&#x6c;&#x66;&#x6b;&#108;&#101;&#105;&#110;71&#64;&#x67;&#x6d;&#x61;&#x69;&#x6c;&#x2e;&#99;&#111;&#109; Karoline Eckl Mobil: 0162\/6832477 Email: karo&#95;&#118;&#101;&#105;&#116;&#x40;&#x79;&#x61;&#x68;&#x6f;&#x6f;&#x2e;deSp&#111;&#114;&#116;&#108;&#105;&#x63;&#x68;&#x65;&#x72; Leiter [&hellip;]<\/p>\n","protected":false},"author":1,"featured_media":0,"parent":0,"menu_order":0,"comment_status":"closed","ping_status":"closed","template":"","meta":{"_et_pb_use_builder":"on","_et_pb_old_content":"","_et_gb_content_width":"","footnotes":""},"class_list":["post-294","page","type-page","status-publish","hentry"],"_links":{"self":[{"href":"https:\/\/www.svfuchstal.de\/fussball\/wp-json\/wp\/v2\/pages\/294","targetHints":{"allow":["GET"]}}],"collection":[{"href":"https:\/\/www.svfuchstal.de\/fussball\/wp-json\/wp\/v2\/pages"}],"about":[{"href":"https:\/\/www.svfuchstal.de\/fussball\/wp-json\/wp\/v2\/types\/page"}],"author":[{"embeddable":true,"href":"https:\/\/www.svfuchstal.de\/fussball\/wp-json\/wp\/v2\/users\/1"}],"replies":[{"embeddable":true,"href":"https:\/\/www.svfuchstal.de\/fussball\/wp-json\/wp\/v2\/comments?post=294"}],"version-history":[{"count":2,"href":"https:\/\/www.svfuchstal.de\/fussball\/wp-json\/wp\/v2\/pages\/294\/revisions"}],"predecessor-version":[{"id":3805,"href":"https:\/\/www.svfuchstal.de\/fussball\/wp-json\/wp\/v2\/pages\/294\/revisions\/3805"}],"wp:attachment":[{"href":"https:\/\/www.svfuchstal.de\/fussball\/wp-json\/wp\/v2\/media?parent=294"}],"curies":[{"name":"wp","href":"https:\/\/api.w.org\/{rel}","templated":true}]}}